{"id":81,"date":"2018-12-04T20:07:01","date_gmt":"2018-12-04T20:07:01","guid":{"rendered":"https:\/\/www.uv.mx\/dgbsolo\/?page_id=81"},"modified":"2026-08-27T18:30:48","modified_gmt":"2026-08-28T00:30:48","slug":"quienes-somos","status":"publish","type":"page","link":"https:\/\/www.uv.mx\/dgbuv\/quienes-somos\/","title":{"rendered":"\u00bfQui\u00e9nes somos?"},"content":{"rendered":"<div class=\"container\">\r\n\r\n<ul class=\"nav nav-pills nav-stacked\">\r\n  <li class=\"active\"><a href=\"#crb\" data-toggle=\"pill\">Coordinaciones Regionales de Bibliotecas<\/a><\/li>\r\n  <li><a href=\"#usbis\" data-toggle=\"pill\">Unidades de Servicios Bibliotecarios y de Informaci\u00f3n<\/a><\/li>\r\n  <li><a href=\"#encbib\" data-toggle=\"pill\">Encargados de Bibliotecas<\/a><\/li>\r\n  <li><a href=\"#organigrama\" data-toggle=\"pill\">Organigrama<\/a><\/li>\r\n<\/ul>\r\n\r\n<div>\r\n  <div class=\"tab-content\">\r\n\r\n  <!-- --------------------------------Coordinaciones Regionales de Bibliotecas ---------------------------------- -->\r\n\r\n    <div id=\"crb\" class=\"tab-pane fade in active\">\r\n      <div class=\"col-sm-4 col-md-4\">\r\n        <div class=\"thumbnail\"><img decoding=\"async\" class=\"retrato\" src=\"https:\/\/www.uv.mx\/dgbuv\/wp-content\/uploads\/2024\/04\/coordinacion-regional-xal.png\" alt=\"coordinadoraxalapa\" \/>\r\n          <div class=\"caption\">\r\n            <h3>Ma. de la Paz Reducindo S\u00e1nchez<\/h3>\r\n            <h5>Coordinadora regional de bibliotecas Xalapa<\/h5>\r\n            <a class=\"btn btn-default btn-centered\" role=\"button\" href=\"mailto:preducindo@uv.mx\"><i class=\"fa fa-envelope-o\"><\/i> preducindo@uv.mx<\/a>\r\n            <a class=\"btn btn-default btn-centered\" role=\"button\"><i class=\"fa fa-phone\" aria-hidden=\"true\"><\/i> (228) 8-42-17-00 ext 12111 <\/a>\r\n          <\/div>\r\n        <\/div>\r\n      <\/div>\r\n      <div class=\"col-sm-4 col-md-4\">\r\n        <div class=\"thumbnail\"><img decoding=\"async\" class=\"retrato\" src=\"https:\/\/www.uv.mx\/dgbuv\/wp-content\/uploads\/2026\/03\/Foto-Clara-Alicia.jpeg\" alt=\"coordinadorveracruz\" \/>\r\n          <div class=\"caption\">\r\n            <h3>Clara Alicia Sosa Armas<\/h3>\r\n            <h5>Coordinadora regional de bibliotecas Veracruz<\/h5>\r\n            <a class=\"btn btn-default btn-centered\" role=\"button\" href=\"mailto:clsosa@uv.mx\"><i class=\"fa fa-envelope-o\"><\/i> clsosa@uv.mx<\/a>\r\n            <a class=\"btn btn-default btn-centered\" role=\"button\"><i class=\"fa fa-phone\" aria-hidden=\"true\"><\/i> (228) 8-42-17-00 ext 22022 <\/a>\r\n          <\/div>\r\n        <\/div>\r\n      <\/div>\r\n      <div class=\"col-sm-4 col-md-4\">\r\n        <div class=\"thumbnail\"><img decoding=\"async\" class=\"retrato\" src=\"https:\/\/www.uv.mx\/dgbuv\/wp-content\/uploads\/2018\/12\/gaby-velasquez.jpg\" alt=\"coordinadoraxalapa\" \/>\r\n          <div class=\"caption\">\r\n            <h3>Gabriela Vel\u00e1squez Cort\u00e9s<\/h3>\r\n            <h5>Coordinadora regional de bibliotecas Orizaba C\u00f3rdoba<\/h5>\r\n            <a class=\"btn btn-default btn-centered\" role=\"button\" href=\"mailto:gvelasquez@uv.mx\"><i class=\"fa fa-envelope-o\"><\/i> gvelasquez@uv.mxx<\/a>\r\n            <a class=\"btn btn-default btn-centered\" role=\"button\"><i class=\"fa fa-phone\" aria-hidden=\"true\"><\/i> (228) 8-42-17-00 ext 31101 <\/a>\r\n          <\/div>\r\n        <\/div>\r\n      <\/div>\r\n    <\/div>\r\n\r\n    <!-- ----------------------------------------------------------------------------------------------------------------- -->\r\n    <!-- --------------------- Unidades de Servicios Bibliotecarios y de Informaci\u00f3n ------------------------------------- -->\r\n\r\n    <div id=\"usbis\" class=\"tab-pane fade\">\r\n      <div class=\"col-sm-4 col-md-4\">\r\n        <div class=\"thumbnail\"><img decoding=\"async\" class=\"retrato\" src=\"https:\/\/www.uv.mx\/dgbuv\/wp-content\/uploads\/2024\/04\/usbi-xalapa.png\" alt=\"usbixalapa\" \/>\r\n          <div class=\"caption\">\r\n            <h3>Mart\u00edn P\u00e1ez Bistrain<\/h3>\r\n            <h5>Director USBI Xalapa<\/h5>\r\n            <a class=\"btn btn-default btn-centered\" role=\"button\" href=\"mailto:mpaez@uv.mx\"><i class=\"fa fa-envelope-o\"><\/i> mpaez@uv.mx<\/a>\r\n            <a class=\"btn btn-default btn-centered\" role=\"button\"><i class=\"fa fa-phone\" aria-hidden=\"true\"><\/i> (228) 8-42-17-00 ext 12102 <\/a>\r\n          <\/div>\r\n        <\/div>\r\n      <\/div>\r\n      <div class=\"col-sm-4 col-md-4\">\r\n        <div class=\"thumbnail\"><img decoding=\"async\" class=\"retrato\" src=\"https:\/\/www.uv.mx\/dgbuv\/wp-content\/uploads\/2024\/04\/crbiblioteca-veracruz.png\" alt=\"usbiveracruz\" \/>\r\n          <div class=\"caption\"> \r\n            <h5>Juan Carlos Fern\u00e1ndez de la Cruz<\/h5>\r\n            <h5>Director USBI Veracruz<\/h5>\r\n            <a class=\"btn btn-default btn-centered\" role=\"button\" href=\"mailto:cafernandez@uv.mx\"><i class=\"fa fa-envelope-o\"><\/i> cafernandez@uv.mx<\/a>\r\n            <a class=\"btn btn-default btn-centered\" role=\"button\"><i class=\"fa fa-phone\" aria-hidden=\"true\"><\/i> (228) 8-42-17-00 ext 22021 <\/a>\r\n          <\/div>\r\n        <\/div>\r\n      <\/div>\r\n      <div class=\"col-sm-4 col-md-4\">\r\n        <div class=\"thumbnail\"><img decoding=\"async\" class=\"retrato\" src=\"https:\/\/www.uv.mx\/dgbuv\/wp-content\/uploads\/2024\/04\/usbi-ixtac.png\" alt=\"usbiixtac\" \/>\r\n          <div class=\"caption\">\r\n            <h3>Graciela Flores Bello<\/h3>\r\n            <h5>Directora USBI Ixtaczoquitl\u00e1n<\/h5>\r\n            <a class=\"btn btn-default btn-centered\" role=\"button\" href=\"mailto:graflores@uv.mx\"><i class=\"fa fa-envelope-o\"><\/i> graflores@uv.mx<\/a>\r\n            <a class=\"btn btn-default btn-centered\" role=\"button\"><i class=\"fa fa-phone\" aria-hidden=\"true\"><\/i> (228) 8-42-17-00 ext 31000 <\/a>\r\n          <\/div>\r\n        <\/div>\r\n      <\/div>\r\n      <div class=\"col-sm-4 col-md-4\">\r\n        <div class=\"thumbnail\"><img decoding=\"async\" class=\"retrato\" src=\"https:\/\/www.uv.mx\/dgbuv\/wp-content\/uploads\/2024\/04\/usbi-poza-rica.png\" alt=\"usbipozarica\" \/>\r\n          <div class=\"caption\">\r\n            <h3>Jes\u00fas E. Palomino Mart\u00ednez<\/h3>\r\n            <h5>Director USBI Poza Rica<\/h5>\r\n            <a class=\"btn btn-default btn-centered\" role=\"button\" href=\"mailto:jpalomino@uv.mx\"><i class=\"fa fa-envelope-o\"><\/i> jpalomino@uv.mx<\/a>\r\n            <a class=\"btn btn-default btn-centered\" role=\"button\"><i class=\"fa fa-phone\" aria-hidden=\"true\"><\/i> (228) 8-42-17-00 ext 41202 <\/a>\r\n          <\/div>\r\n        <\/div>\r\n      <\/div>\r\n      <div class=\"col-sm-4 col-md-4\">\r\n        <div class=\"thumbnail\"><img decoding=\"async\" class=\"retrato\" src=\"https:\/\/www.uv.mx\/dgbuv\/wp-content\/uploads\/2024\/04\/usbi-coatza.png\" alt=\"usbicoatza\" \/>\r\n          <div class=\"caption\">\r\n            <h3>Javier Ram\u00edrez Carrillo<\/h3>\r\n            <h5>Director USBI Coatzacoalcos<\/h5>\r\n            <a class=\"btn btn-default btn-centered\" role=\"button\" href=\"mailto:javramirez@uv.mx\"><i class=\"fa fa-envelope-o\"><\/i> javramirez@uv.mx<\/a>\r\n            <a class=\"btn btn-default btn-centered\" role=\"button\"><i class=\"fa fa-phone\" aria-hidden=\"true\"><\/i> (228) 8-42-17-00 ext 55703 <\/a>\r\n          <\/div>\r\n        <\/div>\r\n      <\/div>\r\n      <div class=\"col-sm-4 col-md-4\">\r\n        <div class=\"thumbnail\"><img decoding=\"async\" class=\"retrato\" src=\"https:\/\/www.uv.mx\/dgbuv\/wp-content\/uploads\/2024\/04\/usbi-mina.png\" alt=\"usbimina\" \/>\r\n          <div class=\"caption\">\r\n            <h3>Carlos Caba\u00f1as Ronz\u00f3n<\/h3>\r\n            <h5>Director USBI Minatitl\u00e1n<\/h5>\r\n            <a class=\"btn btn-default btn-centered\" role=\"button\" href=\"mailto:carcabanas@uv.mx\"><i class=\"fa fa-envelope-o\"><\/i> carcabanas@uv.mx<\/a>\r\n            <a class=\"btn btn-default btn-centered\" role=\"button\"><i class=\"fa fa-phone\" aria-hidden=\"true\"><\/i> (228) 8-42-17-00 ext 50717 <\/a>\r\n          <\/div>\r\n        <\/div>\r\n      <\/div>\r\n    <\/div>\r\n\r\n  <!-- ------------------------------------------------------------------------------------------------------------ -->\r\n  <!-- ------------------------------------- Encargados de Bibliotecas ---------------------------------------------- -->\r\n\r\n    <div id=\"encbib\" class=\"tab-pane fade\">\r\n\r\n      <div class=\"row\">\r\n        <div class=\"col-sm-3 col-md-3\">\r\n          <div class=\"thumbnail\"><img decoding=\"async\" class=\"retrato\" src=\"https:\/\/www.uv.mx\/dgbuv\/wp-content\/uploads\/2024\/04\/arco-sur-xalapa.png\" alt=\"arcosur\" \/>\r\n            <div class=\"caption\">\r\n              <h3>Elisdath Rom\u00e1n Gonz\u00e1lez<\/h3>\r\n              <h5>Arco Sur Xalapa<\/h5>\r\n              <a class=\"btn btn-default btn-centered\" role=\"button\" href=\"mailto:croman@uv.mx\"><i class=\"fa fa-envelope-o\"><\/i> croman@uv.mx<\/a>\r\n              <a class=\"btn btn-default btn-centered\" role=\"button\"><i class=\"fa fa-phone\" aria-hidden=\"true\"><\/i> (228) 8-42-17-00 ext 10684 <\/a>\r\n            <\/div>\r\n          <\/div>\r\n        <\/div>\r\n        <div class=\"col-sm-3 col-md-3\">\r\n          <div class=\"thumbnail\"><img decoding=\"async\" class=\"retrato\" src=\"https:\/\/www.uv.mx\/dgbuv\/wp-content\/uploads\/2024\/04\/arquitectura-xalapa.png\" alt=\"arqui\" \/>\r\n            <div class=\"caption\">\r\n              <h3>Gustavo Sustersick Castellanos<\/h3>\r\n              <h5>Arquitectura Xalapa<\/h5>\r\n              <a class=\"btn btn-default btn-centered\" role=\"button\" href=\"mailto:gsustersick@uv.mx\"><i class=\"fa fa-envelope-o\"><\/i> gsustersick@uv.mx<\/a>\r\n              <a class=\"btn btn-default btn-centered\" role=\"button\"><i class=\"fa fa-phone\" aria-hidden=\"true\"><\/i> (228) 8-42-17-00 ext 11603 <\/a>\r\n            <\/div>\r\n          <\/div>\r\n        <\/div>\r\n        <div class=\"col-sm-3 col-md-3\">\r\n          <div class=\"thumbnail\"><img decoding=\"async\" class=\"retrato\" src=\"https:\/\/www.uv.mx\/dgbuv\/wp-content\/uploads\/2024\/04\/artes-xalapa.png\" alt=\"artes\" \/>\r\n            <div class=\"caption\">\r\n              <h3>Marisol Ceballos Renteral<\/h3>\r\n              <h5>Unidad de Artes Xalapa<\/h5>\r\n              <a class=\"btn btn-default btn-centered\" role=\"button\" href=\"mailto:maceballos@uv.mx\"><i class=\"fa fa-envelope-o\"><\/i> maceballos@uv.mx<\/a>\r\n              <a class=\"btn btn-default btn-centered\" role=\"button\"><i class=\"fa fa-phone\" aria-hidden=\"true\"><\/i> (228) 8-42-17-00 ext 17107 <\/a>\r\n            <\/div>\r\n          <\/div>\r\n        <\/div>\r\n        <div class=\"col-sm-3 col-md-3\">\r\n          <div class=\"thumbnail\"><img decoding=\"async\" class=\"retrato\" src=\"https:\/\/www.uv.mx\/dgbuv\/wp-content\/uploads\/2024\/04\/csalud-xalapa.png\" alt=\"csalud\" \/>\r\n            <div class=\"caption\">\r\n              <h3>Antonia Reyes Banda<\/h3>\r\n              <h5>Ciencias de la Salud Xalapa<\/h5>\r\n              <a class=\"btn btn-default btn-centered\" role=\"button\" href=\"mailto:antoreyes@uv.mx\"><i class=\"fa fa-envelope-o\"><\/i> antoreyes@uv.mx<\/a>\r\n              <a class=\"btn btn-default btn-centered\" role=\"button\"><i class=\"fa fa-phone\" aria-hidden=\"true\"><\/i> (228) 8-42-17-00 ext 16107 <\/a>\r\n            <\/div>\r\n          <\/div>\r\n        <\/div>\r\n      <\/div>\r\n\r\n      <div class=\"row\">\r\n        <div class=\"col-sm-3 col-md-3\">\r\n          <div class=\"thumbnail\"><img decoding=\"async\" class=\"retrato\" src=\"https:\/\/www.uv.mx\/dgbuv\/wp-content\/uploads\/2018\/12\/no-image.png\" alt=\"conta\" \/>\r\n            <div class=\"caption\">\r\n              <h3> <\/h3>\r\n              <h5>Contadur\u00eda y Administraci\u00f3n Xalapa<\/h5>\r\n              <a class=\"btn btn-default btn-centered\" role=\"button\" href=\"mailto:\"><i class=\"fa fa-envelope-o\"><\/i> sb@uv.mx <\/a>\r\n              <a class=\"btn btn-default btn-centered\" role=\"button\"><i class=\"fa fa-phone\" aria-hidden=\"true\"><\/i> (228) 8-42-17-00 ext 11608 <\/a>\r\n            <\/div>\r\n          <\/div>\r\n        <\/div>\r\n        <div class=\"col-sm-3 col-md-3\">\r\n          <div class=\"thumbnail\"><img decoding=\"async\" class=\"retrato\" src=\"https:\/\/www.uv.mx\/dgbuv\/wp-content\/uploads\/2024\/04\/derecho-xalapa.png\" alt=\"derecho\" \/>\r\n            <div class=\"caption\">\r\n              <h3>Gerardo Morales Lagunes<\/h3>\r\n              <h5>Derecho Xalapa<\/h5>\r\n              <a class=\"btn btn-default btn-centered\" role=\"button\" href=\"mailto:gmorales@uv.mx\"><i class=\"fa fa-envelope-o\"><\/i>gmorales@uv.mx<\/a>\r\n              <a class=\"btn btn-default btn-centered\" role=\"button\"><i class=\"fa fa-phone\" aria-hidden=\"true\"><\/i> (228) 8-42-17-00 ext 11005 <\/a>\r\n            <\/div>\r\n          <\/div>\r\n        <\/div>\r\n        <div class=\"col-sm-3 col-md-3\">\r\n          <div class=\"thumbnail\"><img decoding=\"async\" class=\"retrato\" src=\"https:\/\/www.uv.mx\/dgbuv\/wp-content\/uploads\/2024\/04\/economia-xalapa.png\" alt=\"economia\" \/>\r\n            <div class=\"caption\">\r\n              <h3>Fernando Ortega Vald\u00e9s<\/h3>\r\n              <h5>Econom\u00eda, Estad\u00edstica, Inform\u00e1tica y Geograf\u00eda Xalapa<\/h5>\r\n              <a class=\"btn btn-default btn-centered\" role=\"button\" href=\"mailto:fortega@uv.mx\"><i class=\"fa fa-envelope-o\"><\/i>fortega@uv.mx<\/a>\r\n              <a class=\"btn btn-default btn-centered\" role=\"button\"><i class=\"fa fa-phone\" aria-hidden=\"true\"><\/i> (228) 8421700 ext 14105 <\/a>\r\n            <\/div>\r\n          <\/div>\r\n        <\/div>\r\n        <div class=\"col-sm-3 col-md-3\">\r\n          <div class=\"thumbnail\"><img decoding=\"async\" class=\"retrato\" src=\"https:\/\/www.uv.mx\/dgbuv\/wp-content\/uploads\/2018\/12\/no-image.png\" alt=\"extranjeros\" \/>\r\n            <div class=\"caption\">\r\n              <h3>Alma Pe\u00f1a Torres<\/h3>\r\n              <h5>Estudiantes Extranjeros Xalapa<\/h5>\r\n              <a class=\"btn btn-default btn-centered\" role=\"button\" href=\"mailto:almpena@uv.mx\"><i class=\"fa fa-envelope-o\"><\/i>almpena@uv.mx<\/a>\r\n              <a class=\"btn btn-default btn-centered\" role=\"button\"><i class=\"fa fa-phone\" aria-hidden=\"true\"><\/i> (228) 8178687 ext 107 <\/a>\r\n            <\/div>\r\n          <\/div>\r\n        <\/div>\r\n      <\/div>\r\n\r\n      <div class=\"row\">\r\n        <div class=\"col-sm-3 col-md-3\">\r\n          <div class=\"thumbnail\"><img decoding=\"async\" class=\"retrato\" src=\"https:\/\/www.uv.mx\/dgbuv\/wp-content\/uploads\/2018\/12\/no-image.png\" alt=\"electronica\" \/>\r\n            <div class=\"caption\">\r\n              <h3>F\u00edsica,Matem\u00e1ticas<\/h3>\r\n              <h5>e Instrumentaci\u00f3n Electr\u00f3nica Xalapa<\/h5>\r\n              <a class=\"btn btn-default btn-centered\" role=\"button\" href=\"mailto:dgb@uv.mx\"><i class=\"fa fa-envelope-o\"><\/i> fisica@uv.mx<\/a>\r\n              <a class=\"btn btn-default btn-centered\" role=\"button\"><i class=\"fa fa-phone\" aria-hidden=\"true\"><\/i> (228) 8421700 ext 14810 <\/a>\r\n            <\/div>\r\n          <\/div>\r\n        <\/div>\r\n        <div class=\"col-sm-3 col-md-3\">\r\n          <div class=\"thumbnail\"><img decoding=\"async\" class=\"retrato\" src=\"https:\/\/www.uv.mx\/dgbuv\/wp-content\/uploads\/2024\/04\/humanidades-xal.png\" alt=\"humanidades\" \/>\r\n            <div class=\"caption\">\r\n              <h3>Iris Flores Aburto<\/h3>\r\n              <h5>Humanidades Xalapa<\/h5>\r\n              <a class=\"btn btn-default btn-centered\" role=\"button\" href=\"mailto:irflores@uv.mx\"><i class=\"fa fa-envelope-o\"><\/i>irflores@uv.mx<\/a>\r\n              <a class=\"btn btn-default btn-centered\" role=\"button\"><i class=\"fa fa-phone\" aria-hidden=\"true\"><\/i> (228) 8421700 ext 15400 <\/a>\r\n            <\/div>\r\n          <\/div>\r\n        <\/div>\r\n        <div class=\"col-sm-3 col-md-3\">\r\n          <div class=\"thumbnail\"><img decoding=\"async\" class=\"retrato\" src=\"https:\/\/www.uv.mx\/dgbuv\/wp-content\/uploads\/2018\/12\/no-image.png\" alt=\"idiomas\" \/>\r\n            <div class=\"caption\">\r\n              <h3>Lilia Aguilar Ortega<\/h3>\r\n              <h5>Idiomas Xalapa<\/h5>\r\n              <a class=\"btn btn-default btn-centered\" role=\"button\" href=\"mailto:liaguilar@uv.mx\"><i class=\"fa fa-envelope-o\"><\/i>liaguilar@uv.mx<\/a>\r\n              <a class=\"btn btn-default btn-centered\" role=\"button\"><i class=\"fa fa-phone\" aria-hidden=\"true\"><\/i> (228) 8421700 ext 15550 <\/a>\r\n            <\/div>\r\n          <\/div>\r\n        <\/div>\r\n        <div class=\"col-sm-3 col-md-3\">\r\n          <div class=\"thumbnail\"><img decoding=\"async\" class=\"retrato\" src=\"https:\/\/www.uv.mx\/dgbuv\/wp-content\/uploads\/2024\/04\/ingenieria-xalap.png\" alt=\"ingenieria\" \/>\r\n            <div class=\"caption\">\r\n              <h3>Saulo V\u00e1squez Aguilar<\/h3>\r\n              <h5>Ingenier\u00eda Xalapa<\/h5>\r\n              <a class=\"btn btn-default btn-centered\" role=\"button\" href=\"mailto:sauvasquez@uv.mx\"><i class=\"fa fa-envelope-o\"><\/i>sauvasquez@uv.mx<\/a>\r\n              <a class=\"btn btn-default btn-centered\" role=\"button\"><i class=\"fa fa-phone\" aria-hidden=\"true\"><\/i> (228) 8421700 ext 11650 (Adm\u00f3n) <\/a>\r\n            <\/div>\r\n          <\/div>\r\n        <\/div>\r\n      <\/div>\r\n\r\n      <div class=\"row\">\r\n        <div class=\"col-sm-3 col-md-3\">\r\n          <div class=\"thumbnail\"><img decoding=\"async\" class=\"retrato\" src=\"https:\/\/www.uv.mx\/dgbuv\/wp-content\/uploads\/2018\/12\/no-image.png\" alt=\"psicologia\" \/>\r\n            <div class=\"caption\">\r\n              <h3> <\/h3>\r\n              <h5>Psicolog\u00eda Xalapa<\/h5>\r\n              <a class=\"btn btn-default btn-centered\" role=\"button\" href=\"mailto:\"><i class=\"fa fa-envelope-o\"><\/i> sb@uv.mx <\/a>\r\n              <a class=\"btn btn-default btn-centered\" role=\"button\"><i class=\"fa fa-phone\" aria-hidden=\"true\"><\/i> (228) 8421700 ext 19509 <\/a>\r\n            <\/div>\r\n          <\/div>\r\n        <\/div>\r\n\r\n        <div class=\"col-sm-3 col-md-3\">\r\n          <div class=\"thumbnail\"><img decoding=\"async\" class=\"retrato\" src=\"https:\/\/www.uv.mx\/dgbuv\/wp-content\/uploads\/2024\/04\/historicos-xalapa.png\" alt=\"historico\" \/>\r\n            <div class=\"caption\">\r\n              <h3>Edith Alarc\u00f3n Trujillo<\/h3>\r\n              <h5>Instituto de Investigaciones Hist\u00f3rico Sociales<\/h5>\r\n              <a class=\"btn btn-default btn-centered\" role=\"button\" href=\"mailto:edialarcon@uv.mx\"><i class=\"fa fa-envelope-o\"><\/i>edialarcon@uv.mx<\/a>\r\n              <a class=\"btn btn-default btn-centered\" role=\"button\"><i class=\"fa fa-phone\" aria-hidden=\"true\"><\/i> (228) 8421700 ext 13804<\/a>\r\n            <\/div>\r\n          <\/div>\r\n        <\/div>\r\n\r\n\r\n        <div class=\"col-sm-3 col-md-3\">\r\n          <div class=\"thumbnail\"><img decoding=\"async\" class=\"retrato\" src=\"https:\/\/www.uv.mx\/dgbuv\/wp-content\/uploads\/2018\/12\/no-image.png\" alt=\"investigaciones\" \/>\r\n            <div class=\"caption\">\r\n              <h3>Judith J\u00e1come Solis<\/h3>\r\n              <h5>Instituto de Investigaciones Jur\u00eddicas Xalapa<\/h5>\r\n              <a class=\"btn btn-default btn-centered\" role=\"button\" href=\"mailto:jjacome@uv.mx\"><i class=\"fa fa-envelope-o\"><\/i>jjacome@uv.mx<\/a>\r\n              <a class=\"btn btn-default btn-centered\" role=\"button\"><i class=\"fa fa-phone\" aria-hidden=\"true\"><\/i> (228) 8421700 ext 13954<\/a>\r\n            <\/div>\r\n          <\/div>\r\n        <\/div>\r\n        <div class=\"col-sm-3 col-md-3\">\r\n          <div class=\"thumbnail\"><img decoding=\"async\" class=\"retrato\" src=\"https:\/\/www.uv.mx\/dgbuv\/wp-content\/uploads\/2018\/12\/no-image.png\" alt=\"invPsicologicas\" \/>\r\n            <div class=\"caption\">\r\n              <h3>Leonor de Felipe Herrera<\/h3>\r\n              <h5>Instituto de Investigaciones Psicol\u00f3gicas Xalapa<\/h5>\r\n              <a class=\"btn btn-default btn-centered\" role=\"button\" href=\"mailto:lfelipe@uv.mx\"><i class=\"fa fa-envelope-o\"><\/i>lfelipe@uv.mx<\/a>\r\n              <a class=\"btn btn-default btn-centered\" role=\"button\"><i class=\"fa fa-phone\" aria-hidden=\"true\"><\/i> (228) 8421700 ext 13201 <\/a>\r\n            <\/div>\r\n          <\/div>\r\n        <\/div>\r\n      <\/div>\r\n\r\n      <div class=\"row\">\r\n        <div class=\"col-sm-3 col-md-3\">\r\n          <div class=\"thumbnail\"><img decoding=\"async\" class=\"retrato\" src=\"https:\/\/www.uv.mx\/dgbuv\/wp-content\/uploads\/2018\/12\/no-image.png\" alt=\"psicologia y educacion\" \/>\r\n            <div class=\"caption\">\r\n              <h3>Luz Elena Calder\u00f3n Melo<\/h3>\r\n              <h5>Instituto de Psicolog\u00eda y Educaci\u00f3n Xalapa<\/h5>\r\n              <a class=\"btn btn-default btn-centered\" role=\"button\" href=\"mailto:lcalderon@uv.mx\"><i class=\"fa fa-envelope-o\"><\/i>lcalderon@uv.mx<\/a>\r\n              <a class=\"btn btn-default btn-centered\" role=\"button\"><i class=\"fa fa-phone\" aria-hidden=\"true\"><\/i> (228) 8421700 ext 13725 <\/a>\r\n            <\/div>\r\n          <\/div>\r\n        <\/div>\r\n        <div class=\"col-sm-3 col-md-3\">\r\n          <div class=\"thumbnail\"><img decoding=\"async\" class=\"retrato\" src=\"https:\/\/www.uv.mx\/dgbuv\/wp-content\/uploads\/2024\/04\/icienciassalud-xalapa.png\" alt=\"saludPublica\" \/>\r\n            <div class=\"caption\">\r\n              <h3>Karina V\u00e1zquez V\u00e1zquez<\/h3>\r\n              <h5>Instituto de Salud P\u00fablica Xalapa<\/h5>\r\n              <a class=\"btn btn-default btn-centered\" role=\"button\" href=\"mailto:kvazquez@uv.mx\"><i class=\"fa fa-envelope-o\"><\/i>kvazquez@uv.mx<\/a>\r\n              <a class=\"btn btn-default btn-centered\" role=\"button\"><i class=\"fa fa-phone\" aria-hidden=\"true\"><\/i> (228) 8421700 ext 13304 <\/a>\r\n            <\/div>\r\n          <\/div>\r\n        <\/div>\r\n        <div class=\"col-sm-3 col-md-3\">\r\n          <div class=\"thumbnail\"><img decoding=\"async\" class=\"retrato\" src=\"https:\/\/www.uv.mx\/dgbuv\/wp-content\/uploads\/2018\/12\/no-image.png\" alt=\"IIESES\" \/>\r\n            <div class=\"caption\">\r\n              <h3>Dr. Manuel Su\u00e1rez Guti\u00e9rrez<\/h3>\r\n              <h5>IIESES Xalapa<\/h5>\r\n              <a class=\"btn btn-default btn-centered\" role=\"button\" href=\"mailto:mansuarez@uv.mx\"><i class=\"fa fa-envelope-o\"><\/i>mansuarez@uv.mx<\/a>\r\n              <a class=\"btn btn-default btn-centered\" role=\"button\"><i class=\"fa fa-phone\" aria-hidden=\"true\"><\/i> (228) 8421700 ext 13502 <\/a>\r\n            <\/div>\r\n          <\/div>\r\n        <\/div>\r\n        <div class=\"col-sm-3 col-md-3\">\r\n          <div class=\"thumbnail\"><img decoding=\"async\" class=\"retrato\" src=\"https:\/\/www.uv.mx\/dgbuv\/wp-content\/uploads\/2024\/04\/fispa-acayucan.png\" alt=\"cprodAgricola\" \/>\r\n            <div class=\"caption\">\r\n              <h3>Arely Mora Olivera<\/h3>\r\n              <h5>Facultad de Ingenier\u00eda en Sistemas de Producci\u00f3n Agr\u00edcola Acayucan<\/h5>\r\n              <a class=\"btn btn-default btn-centered\" role=\"button\" href=\"mailto:aremora@uv.mx\"><i class=\"fa fa-envelope-o\"><\/i>aremora@uv.mx<\/a>\r\n              <a class=\"btn btn-default btn-centered\" role=\"button\"><i class=\"fa fa-phone\" aria-hidden=\"true\"><\/i> 924-2479122 <\/a>\r\n            <\/div>\r\n          <\/div>\r\n        <\/div>\r\n      <\/div>\r\n\r\n      <div class=\"row\">\r\n        <div class=\"col-sm-3 col-md-3\">\r\n          <div class=\"thumbnail\"><img decoding=\"async\" class=\"retrato\" src=\"https:\/\/www.uv.mx\/dgbuv\/wp-content\/uploads\/2024\/04\/csalud-veracruz.png\" alt=\"csaludVer\" \/>\r\n            <div class=\"caption\">\r\n              <h3>Perla Karina Avenda\u00f1o Trinidad<\/h3>\r\n              <h5>Ciencias de la Salud Veracruz<\/h5>\r\n              <a class=\"btn btn-default btn-centered\" role=\"button\" href=\"mailto:pavendano@uv.mx\"><i class=\"fa fa-envelope-o\"><\/i>pavendano@uv.mx<\/a>\r\n              <a class=\"btn btn-default btn-centered\" role=\"button\"><i class=\"fa fa-phone\" aria-hidden=\"true\"><\/i> 229-7752000 ext 26130 <\/a>\r\n            <\/div>\r\n          <\/div>\r\n        <\/div>\r\n        <div class=\"col-sm-3 col-md-3\">\r\n          <div class=\"thumbnail\"><img decoding=\"async\" class=\"retrato\" src=\"https:\/\/www.uv.mx\/dgbuv\/wp-content\/uploads\/2024\/04\/veterinaria-veracruz.png\" alt=\"cveterinariazoo\" \/>\r\n            <div class=\"caption\">\r\n              <h3>Mar\u00eda Esther Mu\u00f1oz P\u00e9rez<\/h3>\r\n              <h5>Medicina Veterinaria y Zootecnia Veracruz<\/h5>\r\n              <a class=\"btn btn-default btn-centered\" role=\"button\" href=\"mailto:esmunoz@uv.mx\"><i class=\"fa fa-envelope-o\"><\/i>esmunoz@uv.mx<\/a>\r\n              <a class=\"btn btn-default btn-centered\" role=\"button\"><i class=\"fa fa-phone\" aria-hidden=\"true\"><\/i> 291-9342075 ext 24107 <\/a>\r\n            <\/div>\r\n          <\/div>\r\n        <\/div>\r\n\r\n        <div class=\"col-sm-3 col-md-3\">\r\n          <div class=\"thumbnail\"><img decoding=\"async\" class=\"retrato\" src=\"https:\/\/www.uv.mx\/dgbuv\/wp-content\/uploads\/2026\/08\/IAP-Xalapa-scaled.jpg\" alt=\"iartesp\" \/>\r\n            <div class=\"caption\">\r\n              <h3>Maribel Utrera Hern\u00e1ndez<\/h3>\r\n              <h5>Instituto de Artes Pl\u00e1sticas<\/h5>\r\n              <a class=\"btn btn-default btn-centered\" role=\"button\" href=\"mailto:mautrera@uv.mx\"><i class=\"fa fa-envelope-o\"><\/i>mautrera@uv.mx<\/a>\r\n              <a class=\"btn btn-default btn-centered\" role=\"button\"><i class=\"fa fa-phone\" aria-hidden=\"true\"><\/i> (228) 8421700 ext 11763<\/a>\r\n            <\/div>\r\n          <\/div>\r\n        <\/div>          \r\n      <\/div>\r\n\r\n    <\/div>\r\n\r\n  <!-- -------------------------------------------------------------------------------------------------- -->\r\n  <!-- -------------------------------------- Organigrama ---------------------------------------------- -->\r\n\r\n    <div id=\"organigrama\" class=\"tab-pane fade\">\r\n      <iframe class=\"stats\" src=\"https:\/\/docs.google.com\/gview?url=https:\/\/www.uv.mx\/orgmet\/files\/2013\/08\/org-dgb.pdf&amp;embedded=true\" frameborder=\"0\"><\/iframe>\r\n    <\/div>\r\n\r\n<\/div>\r\n<\/div>\r\n\r\n\r\n<\/div>\r\n\r\n\r\n\r\n\r\n\r\n\r\n\r\n\r\n\r\n\r\n\r\n\r\n  \r\n","protected":false},"excerpt":{"rendered":"Coordinaciones Regionales de Bibliotecas Unidades de Servicios Bibliotecarios y de Informaci\u00f3n Encargados de Bibliotecas Organigrama Ma. de la Paz Reducindo S\u00e1nchez Coordinadora regional de bibliotecas Xalapa preducindo@uv.mx (228) 8-42-17-00 ext 12111 Clara Alicia Sosa Armas Coordinadora regional de bibliotecas Veracruz clsosa@uv.mx (228) 8-42-17-00 ext 22022 Gabriela Vel\u00e1squez Cort\u00e9s Coordinadora regional de bibliotecas Orizaba C\u00f3rdoba gvelasquez@uv.mxx<a class=\"read-more\" href=\"https:\/\/www.uv.mx\/dgbuv\/quienes-somos\/\"><br\/>-> Continue reading<span class=\"screen-reader-text\">  \u00bfQui\u00e9nes somos?<\/span><\/a>","protected":false},"author":1,"featured_media":0,"parent":0,"menu_order":0,"comment_status":"closed","ping_status":"closed","template":"","meta":[],"_links":{"self":[{"href":"https:\/\/www.uv.mx\/dgbuv\/wp-json\/wp\/v2\/pages\/81"}],"collection":[{"href":"https:\/\/www.uv.mx\/dgbuv\/wp-json\/wp\/v2\/pages"}],"about":[{"href":"https:\/\/www.uv.mx\/dgbuv\/wp-json\/wp\/v2\/types\/page"}],"author":[{"embeddable":true,"href":"https:\/\/www.uv.mx\/dgbuv\/wp-json\/wp\/v2\/users\/1"}],"replies":[{"embeddable":true,"href":"https:\/\/www.uv.mx\/dgbuv\/wp-json\/wp\/v2\/comments?post=81"}],"version-history":[{"count":3,"href":"https:\/\/www.uv.mx\/dgbuv\/wp-json\/wp\/v2\/pages\/81\/revisions"}],"predecessor-version":[{"id":2845,"href":"https:\/\/www.uv.mx\/dgbuv\/wp-json\/wp\/v2\/pages\/81\/revisions\/2845"}],"wp:attachment":[{"href":"https:\/\/www.uv.mx\/dgbuv\/wp-json\/wp\/v2\/media?parent=81"}],"curies":[{"name":"wp","href":"https:\/\/api.w.org\/{rel}","templated":true}]}}